{"id":360,"date":"2015-04-20T14:41:18","date_gmt":"2015-04-20T14:41:18","guid":{"rendered":"http:\/\/www.fjallabak.is\/?page_id=360"},"modified":"2017-03-26T10:41:03","modified_gmt":"2017-03-26T10:41:03","slug":"notre-equipe","status":"publish","type":"page","link":"https:\/\/www.fjallabak.is\/fr\/notre-equipe\/","title":{"rendered":"Notre \u00e9quipe"},"content":{"rendered":"<div class=\"panel-grid\" id=\"pg-360-0\" ><div class=\"panel-grid-cell\" id=\"pgc-360-0-0\" ><div class=\"panel widget widget_text panel-first-child panel-last-child\" id=\"panel-360-0-0-0\"><h3 class=\"widget-title\">PARTEZ EN TERRE INCONNUE AVEC UNE EQUIPE QUI EST EN TERRAIN CONNU<\/h3>\t\t\t<div class=\"textwidget\"><p>Nos guides sont la clef de vo\u00fbte de tous nos voyages. Si nous sommes les armateurs, ce sont eux les capitaines. Nous sommes conscients de leur r\u00f4le d'autant que tous dans l'\u00e9quipe du bureau ont d\u00e9but\u00e9 par ce beau m\u00e9tier que bien souvent, ils pratiquent toujours.<\/p>\n<p>Le guide s'occupe de tous les d\u00e9tails : de l'ambiance, de la s\u00e9curit\u00e9, de l'intendance, des relations avec la population locale, de l'interpr\u00e9tation de l'itin\u00e9raire et de son \u00e9ventuelle modification. Except\u00e9s quelques vieux originaux durs \u00e0 cuire, ce sont en g\u00e9n\u00e9ral des hommes et des femmes jeunes et cultiv\u00e9s, avec une grande exp\u00e9rience du terrain o\u00f9 ils guident. Tous, \u00e0 leur mani\u00e8re, sont des passionn\u00e9s de voyages et sp\u00e9cialistes de quelque chose : montagne, ski, exploration, ornithologie, botanique, ethnologie, culture, linguistique. Certains sont de v\u00e9ritables cordons bleus, d'autres des philosophes itin\u00e9rants. En g\u00e9n\u00e9ral, ils sont un peu tout cela \u00e0 la fois.<\/p>\n<p>Ils sont fran\u00e7ais, islandais, norv\u00e9giens, su\u00e9dois, tous francophones, sauf sur certains itin\u00e9raires clairement signal\u00e9s o\u00f9 le guide est seulement anglophone. (In this case, he will be nicer than ever and will take a special care of the french members). Tr\u00e8s souvent, le guide est second\u00e9 par un assistant, un guide en formation ou un chauffeur qui jouent un r\u00f4le non n\u00e9gligeable dans la dynamique du groupe.<\/p>\n<\/div>\n\t\t<\/div><\/div><div class=\"panel-grid-cell\" id=\"pgc-360-0-1\" >&nbsp;<\/div><\/div><div class=\"panel-grid\" id=\"pg-360-1\" ><div class=\"panel-row-style-songwriter panel-row-style\" ><div class=\"panel-grid-cell\" id=\"pgc-360-1-0\" ><div class=\"panel widget widget_songwritergrid panel-first-child panel-last-child\" id=\"panel-360-1-0-0\">  <section class=\"home-grid-posts\">\n \n                \n    <h2 class=\"entry-headline\"><span class=\"entry-headline-text\">Fjallabak&rsquo;s staff<\/span><\/h2>\n      <div class=\"js-masonry home-grid-posts-wrapper\">\n            \n        <article class=\"post-entry post-entry-grid\">\n        <div class=\"post-entry-grid-inner\">\n          <a title=\"Thierry Basset\" href=\"https:\/\/www.fjallabak.is\/fr\/thierry-basset\/\"><img loading=\"lazy\" decoding=\"async\" width=\"675\" height=\"906\" src=\"https:\/\/www.fjallabak.is\/wp-content\/uploads\/2025\/02\/6821173b-4771-4b2d-8fd2-000f5c861b8b.jpeg\" class=\"attachment-post-thumbnail size-post-thumbnail wp-post-image\" alt=\"\" srcset=\"https:\/\/www.fjallabak.is\/wp-content\/uploads\/2025\/02\/6821173b-4771-4b2d-8fd2-000f5c861b8b.jpeg 675w, https:\/\/www.fjallabak.is\/wp-content\/uploads\/2025\/02\/6821173b-4771-4b2d-8fd2-000f5c861b8b-224x300.jpeg 224w\" sizes=\"auto, (max-width: 675px) 100vw, 675px\" title=\"\"><\/a>          <h2 class=\"post-entry-headline\"><a title=\"Thierry Basset\" href=\"https:\/\/www.fjallabak.is\/fr\/thierry-basset\/\">Thierry Basset<\/a><\/h2>\n          <p class=\"post-meta\">\n            <span class=\"post-info-author\"><i class=\"icon_pencil-edit\" aria-hidden=\"true\"><\/i><a href=\"https:\/\/www.fjallabak.is\/fr\/author\/philippepatay\/\" title=\"Articles par Philippe Patay\" rel=\"author\">Philippe Patay<\/a><\/span>\n            <span class=\"post-info-date\"><i class=\"icon_clock_alt\" aria-hidden=\"true\"><\/i><a href=\"https:\/\/www.fjallabak.is\/fr\/thierry-basset\/\">7 f\u00e9vrier 2025<\/a><\/span>\n          <\/p>\n<p>Thierry Basset est un\u00a0g\u00e9ologue\u00a0suisse sp\u00e9cialis\u00e9 en volcanologie. Il a \u00e9tudi\u00e9 l\u2019Etna en Sicile et les volcans du Guatemala. Apr\u00e8s ses \u00e9tudes il a organis\u00e9 et guid\u00e9 des voyages \u00e0 th\u00e8mes g\u00e9ologiques un peu partout dans le monde, notamment en France,&#8230;<br \/><a class=\"read-more-button\" href=\"https:\/\/www.fjallabak.is\/fr\/thierry-basset\/\">Savoir plus<\/a><\/p>\n        <\/div>\n        <\/article>\n            \n        <article class=\"post-entry post-entry-grid\">\n        <div class=\"post-entry-grid-inner\">\n          <a title=\"Gabbi\" href=\"https:\/\/www.fjallabak.is\/fr\/gabbi\/\"><img loading=\"lazy\" decoding=\"async\" width=\"1170\" height=\"1115\" src=\"https:\/\/www.fjallabak.is\/wp-content\/uploads\/2024\/12\/Gabbi-winter-tent-1170x1115.jpg\" class=\"attachment-post-thumbnail size-post-thumbnail wp-post-image\" alt=\"\" srcset=\"https:\/\/www.fjallabak.is\/wp-content\/uploads\/2024\/12\/Gabbi-winter-tent-1170x1115.jpg 1170w, https:\/\/www.fjallabak.is\/wp-content\/uploads\/2024\/12\/Gabbi-winter-tent-300x286.jpg 300w, https:\/\/www.fjallabak.is\/wp-content\/uploads\/2024\/12\/Gabbi-winter-tent-1024x976.jpg 1024w, https:\/\/www.fjallabak.is\/wp-content\/uploads\/2024\/12\/Gabbi-winter-tent-768x732.jpg 768w, https:\/\/www.fjallabak.is\/wp-content\/uploads\/2024\/12\/Gabbi-winter-tent-1536x1464.jpg 1536w, https:\/\/www.fjallabak.is\/wp-content\/uploads\/2024\/12\/Gabbi-winter-tent-2048x1952.jpg 2048w\" sizes=\"auto, (max-width: 1170px) 100vw, 1170px\" title=\"\"><\/a>          <h2 class=\"post-entry-headline\"><a title=\"Gabbi\" href=\"https:\/\/www.fjallabak.is\/fr\/gabbi\/\">Gabbi<\/a><\/h2>\n          <p class=\"post-meta\">\n            <span class=\"post-info-author\"><i class=\"icon_pencil-edit\" aria-hidden=\"true\"><\/i><a href=\"https:\/\/www.fjallabak.is\/fr\/author\/philippepatay\/\" title=\"Articles par Philippe Patay\" rel=\"author\">Philippe Patay<\/a><\/span>\n            <span class=\"post-info-date\"><i class=\"icon_clock_alt\" aria-hidden=\"true\"><\/i><a href=\"https:\/\/www.fjallabak.is\/fr\/gabbi\/\">17 d\u00e9cembre 2024<\/a><\/span>\n          <\/p>\n<p>Gabriel Patay Filippusson, (47) franco-islandais est le fils de Philippe et Sigridur et le grand fr\u00e8re de Matta. Il a les hautes terres dans le sang. Chef exp\u00e9riment\u00e9 de nombreuses exp\u00e9ditions islandaises, mais aussi au Groenland, en Alaska&#8230; Parle couramment&#8230;<br \/><a class=\"read-more-button\" href=\"https:\/\/www.fjallabak.is\/fr\/gabbi\/\">Savoir plus<\/a><\/p>\n        <\/div>\n        <\/article>\n            \n        <article class=\"post-entry post-entry-grid\">\n        <div class=\"post-entry-grid-inner\">\n          <a title=\"Stephan Stephensen\" href=\"https:\/\/www.fjallabak.is\/fr\/stephan-stephensen\/\"><img loading=\"lazy\" decoding=\"async\" width=\"1170\" height=\"1560\" src=\"https:\/\/www.fjallabak.is\/wp-content\/uploads\/2024\/11\/IMG_0921-1170x1560.jpg\" class=\"attachment-post-thumbnail size-post-thumbnail wp-post-image\" alt=\"Stebbi alias Stephan Stephenssen\" srcset=\"https:\/\/www.fjallabak.is\/wp-content\/uploads\/2024\/11\/IMG_0921-1170x1560.jpg 1170w, https:\/\/www.fjallabak.is\/wp-content\/uploads\/2024\/11\/IMG_0921-225x300.jpg 225w, https:\/\/www.fjallabak.is\/wp-content\/uploads\/2024\/11\/IMG_0921-768x1024.jpg 768w, https:\/\/www.fjallabak.is\/wp-content\/uploads\/2024\/11\/IMG_0921-1152x1536.jpg 1152w, https:\/\/www.fjallabak.is\/wp-content\/uploads\/2024\/11\/IMG_0921-1536x2048.jpg 1536w, https:\/\/www.fjallabak.is\/wp-content\/uploads\/2024\/11\/IMG_0921-scaled.jpg 1920w\" sizes=\"auto, (max-width: 1170px) 100vw, 1170px\" title=\"\"><\/a>          <h2 class=\"post-entry-headline\"><a title=\"Stephan Stephensen\" href=\"https:\/\/www.fjallabak.is\/fr\/stephan-stephensen\/\">Stephan Stephensen<\/a><\/h2>\n          <p class=\"post-meta\">\n            <span class=\"post-info-author\"><i class=\"icon_pencil-edit\" aria-hidden=\"true\"><\/i><a href=\"https:\/\/www.fjallabak.is\/fr\/author\/philippepatay\/\" title=\"Articles par Philippe Patay\" rel=\"author\">Philippe Patay<\/a><\/span>\n            <span class=\"post-info-date\"><i class=\"icon_clock_alt\" aria-hidden=\"true\"><\/i><a href=\"https:\/\/www.fjallabak.is\/fr\/stephan-stephensen\/\">16 d\u00e9cembre 2024<\/a><\/span>\n          <\/p>\n<p>Stephan Stephensen, alias \u00ab Stebbi Stef \u00bb, (48 ans), guide de montagne, retourne chaque \u00e9t\u00e9 dans les hautes terres pour conduire des trek. En hiver il est connu de la sc\u00e8ne musicale underground de Reykjavik et passe une grande partie&#8230;<br \/><a class=\"read-more-button\" href=\"https:\/\/www.fjallabak.is\/fr\/stephan-stephensen\/\">Savoir plus<\/a><\/p>\n        <\/div>\n        <\/article>\n            \n        <article class=\"post-entry post-entry-grid\">\n        <div class=\"post-entry-grid-inner\">\n          <h2 class=\"post-entry-headline\"><a title=\"Emma Laigle\" href=\"https:\/\/www.fjallabak.is\/fr\/emma-laigle-2\/\">Emma Laigle<\/a><\/h2>\n          <p class=\"post-meta\">\n            <span class=\"post-info-author\"><i class=\"icon_pencil-edit\" aria-hidden=\"true\"><\/i><a href=\"https:\/\/www.fjallabak.is\/fr\/author\/philippepatay\/\" title=\"Articles par Philippe Patay\" rel=\"author\">Philippe Patay<\/a><\/span>\n            <span class=\"post-info-date\"><i class=\"icon_clock_alt\" aria-hidden=\"true\"><\/i><a href=\"https:\/\/www.fjallabak.is\/fr\/emma-laigle-2\/\">15 d\u00e9cembre 2024<\/a><\/span>\n          <\/p>\n<p>Emma (40), polyglotte franco-britannique, s&rsquo;est install\u00e9e en Islande il y a 15 ans. Sa formation achev\u00e9e, elle n&rsquo;a ensuite cess\u00e9 de conduire des treks dans les Hautes-Terres. Talentueuse, charmante, rassurante et lumineuse cette ind\u00e9pendante cache une main de fer sous&#8230;<br \/><a class=\"read-more-button\" href=\"https:\/\/www.fjallabak.is\/fr\/emma-laigle-2\/\">Savoir plus<\/a><\/p>\n        <\/div>\n        <\/article>\n            \n        <article class=\"post-entry post-entry-grid\">\n        <div class=\"post-entry-grid-inner\">\n          <a title=\"Emma Laigle\" href=\"https:\/\/www.fjallabak.is\/fr\/emma-laigle\/\"><img loading=\"lazy\" decoding=\"async\" width=\"1170\" height=\"1560\" src=\"https:\/\/www.fjallabak.is\/wp-content\/uploads\/2024\/11\/IMG_1145-1170x1560.jpg\" class=\"attachment-post-thumbnail size-post-thumbnail wp-post-image\" alt=\"Emma Laigle\" srcset=\"https:\/\/www.fjallabak.is\/wp-content\/uploads\/2024\/11\/IMG_1145-1170x1560.jpg 1170w, https:\/\/www.fjallabak.is\/wp-content\/uploads\/2024\/11\/IMG_1145-225x300.jpg 225w, https:\/\/www.fjallabak.is\/wp-content\/uploads\/2024\/11\/IMG_1145-768x1024.jpg 768w, https:\/\/www.fjallabak.is\/wp-content\/uploads\/2024\/11\/IMG_1145-1152x1536.jpg 1152w, https:\/\/www.fjallabak.is\/wp-content\/uploads\/2024\/11\/IMG_1145-1536x2048.jpg 1536w, https:\/\/www.fjallabak.is\/wp-content\/uploads\/2024\/11\/IMG_1145-scaled.jpg 1920w\" sizes=\"auto, (max-width: 1170px) 100vw, 1170px\" title=\"\"><\/a>          <h2 class=\"post-entry-headline\"><a title=\"Emma Laigle\" href=\"https:\/\/www.fjallabak.is\/fr\/emma-laigle\/\">Emma Laigle<\/a><\/h2>\n          <p class=\"post-meta\">\n            <span class=\"post-info-author\"><i class=\"icon_pencil-edit\" aria-hidden=\"true\"><\/i><a href=\"https:\/\/www.fjallabak.is\/fr\/author\/philippepatay\/\" title=\"Articles par Philippe Patay\" rel=\"author\">Philippe Patay<\/a><\/span>\n            <span class=\"post-info-date\"><i class=\"icon_clock_alt\" aria-hidden=\"true\"><\/i><a href=\"https:\/\/www.fjallabak.is\/fr\/emma-laigle\/\">4 d\u00e9cembre 2024<\/a><\/span>\n          <\/p>\n<p>Emma (40), polyglotte franco-britannique, s&rsquo;est install\u00e9e en Islande il y a 15 ans. Sa formation achev\u00e9e, elle n&rsquo;a ensuite cess\u00e9 de conduire des treks dans les Hautes-Terres. Talentueuse, charmante, rassurante et lumineuse cette ind\u00e9pendante cache une main de fer sous&#8230;<br \/><a class=\"read-more-button\" href=\"https:\/\/www.fjallabak.is\/fr\/emma-laigle\/\">Savoir plus<\/a><\/p>\n        <\/div>\n        <\/article>\n            \n        <article class=\"post-entry post-entry-grid\">\n        <div class=\"post-entry-grid-inner\">\n          <a title=\"Randi Meitil\" href=\"https:\/\/www.fjallabak.is\/fr\/randi-meitil\/\"><img loading=\"lazy\" decoding=\"async\" width=\"1170\" height=\"878\" src=\"https:\/\/www.fjallabak.is\/wp-content\/uploads\/2021\/12\/IMG-3780-1170x878.jpeg\" class=\"attachment-post-thumbnail size-post-thumbnail wp-post-image\" alt=\"\" srcset=\"https:\/\/www.fjallabak.is\/wp-content\/uploads\/2021\/12\/IMG-3780-1170x878.jpeg 1170w, https:\/\/www.fjallabak.is\/wp-content\/uploads\/2021\/12\/IMG-3780-300x225.jpeg 300w, https:\/\/www.fjallabak.is\/wp-content\/uploads\/2021\/12\/IMG-3780-1024x768.jpeg 1024w, https:\/\/www.fjallabak.is\/wp-content\/uploads\/2021\/12\/IMG-3780-768x576.jpeg 768w, https:\/\/www.fjallabak.is\/wp-content\/uploads\/2021\/12\/IMG-3780-1536x1152.jpeg 1536w, https:\/\/www.fjallabak.is\/wp-content\/uploads\/2021\/12\/IMG-3780-2048x1536.jpeg 2048w, https:\/\/www.fjallabak.is\/wp-content\/uploads\/2021\/12\/IMG-3780-175x130.jpeg 175w, https:\/\/www.fjallabak.is\/wp-content\/uploads\/2021\/12\/IMG-3780-800x600.jpeg 800w, https:\/\/www.fjallabak.is\/wp-content\/uploads\/2021\/12\/IMG-3780-1320x990.jpeg 1320w\" sizes=\"auto, (max-width: 1170px) 100vw, 1170px\" title=\"\"><\/a>          <h2 class=\"post-entry-headline\"><a title=\"Randi Meitil\" href=\"https:\/\/www.fjallabak.is\/fr\/randi-meitil\/\">Randi Meitil<\/a><\/h2>\n          <p class=\"post-meta\">\n            <span class=\"post-info-author\"><i class=\"icon_pencil-edit\" aria-hidden=\"true\"><\/i><a href=\"https:\/\/www.fjallabak.is\/fr\/author\/matta\/\" title=\"Articles par Mathildur Patay\" rel=\"author\">Mathildur Patay<\/a><\/span>\n            <span class=\"post-info-date\"><i class=\"icon_clock_alt\" aria-hidden=\"true\"><\/i><a href=\"https:\/\/www.fjallabak.is\/fr\/randi-meitil\/\">14 d\u00e9cembre 2017<\/a><\/span>\n          <\/p>\n<p>Randi Meitil travaille avec nous depuis pr\u00e8s de 25 ans en guidant nos randonn\u00e9es et autres d\u00e9couvertes aux \u00eeles F\u00e9ro\u00e9. Elle est n\u00e9e et vit \u00e0 T\u00f3rshavn, la charmante petite capitale des \u00eeles. Elle est une passionn\u00e9e de la nature,&#8230;<br \/><a class=\"read-more-button\" href=\"https:\/\/www.fjallabak.is\/fr\/randi-meitil\/\">Savoir plus<\/a><\/p>\n        <\/div>\n        <\/article>\n            \n        <article class=\"post-entry post-entry-grid\">\n        <div class=\"post-entry-grid-inner\">\n          <a title=\"Laurent Jegu\" href=\"https:\/\/www.fjallabak.is\/fr\/laurent-jegu\/\"><img loading=\"lazy\" decoding=\"async\" width=\"668\" height=\"936\" src=\"https:\/\/www.fjallabak.is\/wp-content\/uploads\/2024\/12\/0d5ff479-1c3d-457a-8cac-72d846d68672.jpg\" class=\"attachment-post-thumbnail size-post-thumbnail wp-post-image\" alt=\"\" srcset=\"https:\/\/www.fjallabak.is\/wp-content\/uploads\/2024\/12\/0d5ff479-1c3d-457a-8cac-72d846d68672.jpg 668w, https:\/\/www.fjallabak.is\/wp-content\/uploads\/2024\/12\/0d5ff479-1c3d-457a-8cac-72d846d68672-214x300.jpg 214w\" sizes=\"auto, (max-width: 668px) 100vw, 668px\" title=\"\"><\/a>          <h2 class=\"post-entry-headline\"><a title=\"Laurent Jegu\" href=\"https:\/\/www.fjallabak.is\/fr\/laurent-jegu\/\">Laurent Jegu<\/a><\/h2>\n          <p class=\"post-meta\">\n            <span class=\"post-info-author\"><i class=\"icon_pencil-edit\" aria-hidden=\"true\"><\/i><a href=\"https:\/\/www.fjallabak.is\/fr\/author\/matta\/\" title=\"Articles par Mathildur Patay\" rel=\"author\">Mathildur Patay<\/a><\/span>\n            <span class=\"post-info-date\"><i class=\"icon_clock_alt\" aria-hidden=\"true\"><\/i><a href=\"https:\/\/www.fjallabak.is\/fr\/laurent-jegu\/\">28 mars 2017<\/a><\/span>\n          <\/p>\n<p>Laurent Jegu, (49) est originaire de Bretagne en France. Il poss\u00e8de un master en commerce et communication avec une sp\u00e9cialisation en multim\u00e9dia et audiovisuel. Venu en Islande trois mois pour travailler dans une production de films et de reportages, il&#8230;<br \/><a class=\"read-more-button\" href=\"https:\/\/www.fjallabak.is\/fr\/laurent-jegu\/\">Savoir plus<\/a><\/p>\n        <\/div>\n        <\/article>\n            \n        <article class=\"post-entry post-entry-grid\">\n        <div class=\"post-entry-grid-inner\">\n          <a title=\"\u00de\u00f3rd\u00eds Kristvinsd\u00f3ttir (D\u00edsa)\" href=\"https:\/\/www.fjallabak.is\/fr\/thordis-kristvinsdottir-disa\/\"><img loading=\"lazy\" decoding=\"async\" width=\"200\" height=\"200\" src=\"https:\/\/www.fjallabak.is\/wp-content\/uploads\/2017\/03\/Iceland-trekking-Guide-Disa-e1490685424725.jpg\" class=\"attachment-post-thumbnail size-post-thumbnail wp-post-image\" alt=\"&quot;D\u00edsa&quot; \u00de\u00f3rd\u00eds Kristvinsd\u00f3ttir\" title=\"\"><\/a>          <h2 class=\"post-entry-headline\"><a title=\"\u00de\u00f3rd\u00eds Kristvinsd\u00f3ttir (D\u00edsa)\" href=\"https:\/\/www.fjallabak.is\/fr\/thordis-kristvinsdottir-disa\/\">\u00de\u00f3rd\u00eds Kristvinsd\u00f3ttir (D\u00edsa)<\/a><\/h2>\n          <p class=\"post-meta\">\n            <span class=\"post-info-author\"><i class=\"icon_pencil-edit\" aria-hidden=\"true\"><\/i><a href=\"https:\/\/www.fjallabak.is\/fr\/author\/matta\/\" title=\"Articles par Mathildur Patay\" rel=\"author\">Mathildur Patay<\/a><\/span>\n            <span class=\"post-info-date\"><i class=\"icon_clock_alt\" aria-hidden=\"true\"><\/i><a href=\"https:\/\/www.fjallabak.is\/fr\/thordis-kristvinsdottir-disa\/\">28 mars 2017<\/a><\/span>\n          <\/p>\n<p>\u00de\u00f3rd\u00eds ( D\u00edsa ) est une charmante femme de 44 ans. Mari\u00e9 et a deux grands gar\u00e7ons. Elle explore les montagnes et la nature depuis son enfance. Sp\u00e9cialiste de l&rsquo;Est de l&rsquo;Islande qui est d&rsquo;origine d&rsquo;Egilsstadir. Elle est dipl\u00f4m\u00e9e de&#8230;<br \/><a class=\"read-more-button\" href=\"https:\/\/www.fjallabak.is\/fr\/thordis-kristvinsdottir-disa\/\">Savoir plus<\/a><\/p>\n        <\/div>\n        <\/article>\n            \n        <article class=\"post-entry post-entry-grid\">\n        <div class=\"post-entry-grid-inner\">\n          <a title=\"\u00de\u00f3rir Gunnar J\u00f3nsson\" href=\"https:\/\/www.fjallabak.is\/fr\/thorir-gunnar-jonsson\/\"><img loading=\"lazy\" decoding=\"async\" width=\"200\" height=\"197\" src=\"https:\/\/www.fjallabak.is\/wp-content\/uploads\/2017\/03\/Thorir-Guide-Fjallabak-Iceland-Trekking-1-e1490004680965.jpg\" class=\"attachment-post-thumbnail size-post-thumbnail wp-post-image\" alt=\"&quot;Thorir&quot; \u00de\u00f3rir Gunnarsson\" title=\"\"><\/a>          <h2 class=\"post-entry-headline\"><a title=\"\u00de\u00f3rir Gunnar J\u00f3nsson\" href=\"https:\/\/www.fjallabak.is\/fr\/thorir-gunnar-jonsson\/\">\u00de\u00f3rir Gunnar J\u00f3nsson<\/a><\/h2>\n          <p class=\"post-meta\">\n            <span class=\"post-info-author\"><i class=\"icon_pencil-edit\" aria-hidden=\"true\"><\/i><a href=\"https:\/\/www.fjallabak.is\/fr\/author\/matta\/\" title=\"Articles par Mathildur Patay\" rel=\"author\">Mathildur Patay<\/a><\/span>\n            <span class=\"post-info-date\"><i class=\"icon_clock_alt\" aria-hidden=\"true\"><\/i><a href=\"https:\/\/www.fjallabak.is\/fr\/thorir-gunnar-jonsson\/\">20 mars 2017<\/a><\/span>\n          <\/p>\n<p>Ce charmant jeune homme fait partie de la famille de Fjallabak depuis l&rsquo;\u00e9t\u00e9 dernier et nous avons de la chance de l&rsquo;avoir dans notre \u00e9quipe. Un aventurier proffessionel d&rsquo;une facade calme qui cr\u00e9e une bonne ambiance dans nos groupes.<\/p>\n        <\/div>\n        <\/article>\n            \n        <article class=\"post-entry post-entry-grid\">\n        <div class=\"post-entry-grid-inner\">\n          <a title=\"Yoan Fontana\" href=\"https:\/\/www.fjallabak.is\/fr\/yoan-fontana\/\"><img loading=\"lazy\" decoding=\"async\" width=\"1170\" height=\"1321\" src=\"https:\/\/www.fjallabak.is\/wp-content\/uploads\/2024\/12\/IMG_3262-1170x1321.jpg\" class=\"attachment-post-thumbnail size-post-thumbnail wp-post-image\" alt=\"\" srcset=\"https:\/\/www.fjallabak.is\/wp-content\/uploads\/2024\/12\/IMG_3262-1170x1321.jpg 1170w, https:\/\/www.fjallabak.is\/wp-content\/uploads\/2024\/12\/IMG_3262-266x300.jpg 266w, https:\/\/www.fjallabak.is\/wp-content\/uploads\/2024\/12\/IMG_3262-907x1024.jpg 907w, https:\/\/www.fjallabak.is\/wp-content\/uploads\/2024\/12\/IMG_3262-768x867.jpg 768w, https:\/\/www.fjallabak.is\/wp-content\/uploads\/2024\/12\/IMG_3262-1361x1536.jpg 1361w, https:\/\/www.fjallabak.is\/wp-content\/uploads\/2024\/12\/IMG_3262-1814x2048.jpg 1814w\" sizes=\"auto, (max-width: 1170px) 100vw, 1170px\" title=\"\"><\/a>          <h2 class=\"post-entry-headline\"><a title=\"Yoan Fontana\" href=\"https:\/\/www.fjallabak.is\/fr\/yoan-fontana\/\">Yoan Fontana<\/a><\/h2>\n          <p class=\"post-meta\">\n            <span class=\"post-info-author\"><i class=\"icon_pencil-edit\" aria-hidden=\"true\"><\/i><a href=\"https:\/\/www.fjallabak.is\/fr\/author\/matta\/\" title=\"Articles par Mathildur Patay\" rel=\"author\">Mathildur Patay<\/a><\/span>\n            <span class=\"post-info-date\"><i class=\"icon_clock_alt\" aria-hidden=\"true\"><\/i><a href=\"https:\/\/www.fjallabak.is\/fr\/yoan-fontana\/\">4 f\u00e9vrier 2017<\/a><\/span>\n          <\/p>\n<p>Yoan Fontana (34) est originaire des Alpes fran\u00e7aises, mais la plus part du temps il guide en Europe du Nord, partageant son temps entre le trekking en \u00e9t\u00e9 en Islande et l&rsquo;hiver dans le nord de la Scandinavie o\u00f9 il&#8230;<br \/><a class=\"read-more-button\" href=\"https:\/\/www.fjallabak.is\/fr\/yoan-fontana\/\">Savoir plus<\/a><\/p>\n        <\/div>\n        <\/article>\n            \n        <article class=\"post-entry post-entry-grid\">\n        <div class=\"post-entry-grid-inner\">\n          <a title=\"Pierre Brihat\" href=\"https:\/\/www.fjallabak.is\/fr\/pierre-brihat\/\"><img loading=\"lazy\" decoding=\"async\" width=\"1170\" height=\"1560\" src=\"https:\/\/www.fjallabak.is\/wp-content\/uploads\/2024\/11\/IMG_9061-1170x1560.jpeg\" class=\"attachment-post-thumbnail size-post-thumbnail wp-post-image\" alt=\"Pierre Brihat\" srcset=\"https:\/\/www.fjallabak.is\/wp-content\/uploads\/2024\/11\/IMG_9061-1170x1560.jpeg 1170w, https:\/\/www.fjallabak.is\/wp-content\/uploads\/2024\/11\/IMG_9061-225x300.jpeg 225w, https:\/\/www.fjallabak.is\/wp-content\/uploads\/2024\/11\/IMG_9061-768x1024.jpeg 768w, https:\/\/www.fjallabak.is\/wp-content\/uploads\/2024\/11\/IMG_9061-1152x1536.jpeg 1152w, https:\/\/www.fjallabak.is\/wp-content\/uploads\/2024\/11\/IMG_9061-1536x2048.jpeg 1536w, https:\/\/www.fjallabak.is\/wp-content\/uploads\/2024\/11\/IMG_9061-scaled.jpeg 1920w\" sizes=\"auto, (max-width: 1170px) 100vw, 1170px\" title=\"\"><\/a>          <h2 class=\"post-entry-headline\"><a title=\"Pierre Brihat\" href=\"https:\/\/www.fjallabak.is\/fr\/pierre-brihat\/\">Pierre Brihat<\/a><\/h2>\n          <p class=\"post-meta\">\n            <span class=\"post-info-author\"><i class=\"icon_pencil-edit\" aria-hidden=\"true\"><\/i><a href=\"https:\/\/www.fjallabak.is\/fr\/author\/syspbad\/\" title=\"Articles par syspbad\" rel=\"author\">syspbad<\/a><\/span>\n            <span class=\"post-info-date\"><i class=\"icon_clock_alt\" aria-hidden=\"true\"><\/i><a href=\"https:\/\/www.fjallabak.is\/fr\/pierre-brihat\/\">4 f\u00e9vrier 2017<\/a><\/span>\n          <\/p>\n<p>Pierre \u00ab\u00a0Pierrot\u00a0\u00bb Brihat, dit aussi P\u00e9tur ou Pedro, (53 ans) est marseillais comme le navigateur grec Pyth\u00e9as, qui le premier, en 325 av.J-C, a fait une description de Islande. Il est le meilleur cuisinier (Pierre, pas Pyth\u00e9as) de p\u00e2tes \u00e0&#8230;<br \/><a class=\"read-more-button\" href=\"https:\/\/www.fjallabak.is\/fr\/pierre-brihat\/\">Savoir plus<\/a><\/p>\n        <\/div>\n        <\/article>\n            \n        <article class=\"post-entry post-entry-grid\">\n        <div class=\"post-entry-grid-inner\">\n          <a title=\"Andr\u00e9s \u00dalfur Helguson\" href=\"https:\/\/www.fjallabak.is\/fr\/andres-ulfur-helguson\/\"><img loading=\"lazy\" decoding=\"async\" width=\"1170\" height=\"1717\" src=\"https:\/\/www.fjallabak.is\/wp-content\/uploads\/2025\/01\/IMG_0985-1170x1717.jpg\" class=\"attachment-post-thumbnail size-post-thumbnail wp-post-image\" alt=\"Andr\u00e9s \u00dalfur\" srcset=\"https:\/\/www.fjallabak.is\/wp-content\/uploads\/2025\/01\/IMG_0985-1170x1717.jpg 1170w, https:\/\/www.fjallabak.is\/wp-content\/uploads\/2025\/01\/IMG_0985-204x300.jpg 204w, https:\/\/www.fjallabak.is\/wp-content\/uploads\/2025\/01\/IMG_0985-698x1024.jpg 698w, https:\/\/www.fjallabak.is\/wp-content\/uploads\/2025\/01\/IMG_0985-768x1127.jpg 768w, https:\/\/www.fjallabak.is\/wp-content\/uploads\/2025\/01\/IMG_0985-1046x1536.jpg 1046w, https:\/\/www.fjallabak.is\/wp-content\/uploads\/2025\/01\/IMG_0985-1395x2048.jpg 1395w, https:\/\/www.fjallabak.is\/wp-content\/uploads\/2025\/01\/IMG_0985-scaled.jpg 1744w\" sizes=\"auto, (max-width: 1170px) 100vw, 1170px\" title=\"\"><\/a>          <h2 class=\"post-entry-headline\"><a title=\"Andr\u00e9s \u00dalfur Helguson\" href=\"https:\/\/www.fjallabak.is\/fr\/andres-ulfur-helguson\/\">Andr\u00e9s \u00dalfur Helguson<\/a><\/h2>\n          <p class=\"post-meta\">\n            <span class=\"post-info-author\"><i class=\"icon_pencil-edit\" aria-hidden=\"true\"><\/i><a href=\"https:\/\/www.fjallabak.is\/fr\/author\/matta\/\" title=\"Articles par Mathildur Patay\" rel=\"author\">Mathildur Patay<\/a><\/span>\n            <span class=\"post-info-date\"><i class=\"icon_clock_alt\" aria-hidden=\"true\"><\/i><a href=\"https:\/\/www.fjallabak.is\/fr\/andres-ulfur-helguson\/\">4 janvier 2017<\/a><\/span>\n          <\/p>\n<p>Andr\u00e9s \u00dalfur Helguson\u00a0(50) , guide de glacier et fan de gros 4\u00d74. Il est celui qui sait tout faire. Sa grande taille, son humeur \u00e9gale, son calme et son sourire d\u00e9sarmant en font un \u00e9l\u00e9ment essentiel quand la saison d\u00e9borde&#8230;<br \/><a class=\"read-more-button\" href=\"https:\/\/www.fjallabak.is\/fr\/andres-ulfur-helguson\/\">Savoir plus<\/a><\/p>\n        <\/div>\n        <\/article>\n            \n        <article class=\"post-entry post-entry-grid\">\n        <div class=\"post-entry-grid-inner\">\n          <a title=\"Orri Gunnarsson\" href=\"https:\/\/www.fjallabak.is\/fr\/orri-gunnarsson\/\"><img loading=\"lazy\" decoding=\"async\" width=\"1170\" height=\"1021\" src=\"https:\/\/www.fjallabak.is\/wp-content\/uploads\/2024\/12\/image3-1170x1021.jpeg\" class=\"attachment-post-thumbnail size-post-thumbnail wp-post-image\" alt=\"\" srcset=\"https:\/\/www.fjallabak.is\/wp-content\/uploads\/2024\/12\/image3-1170x1021.jpeg 1170w, https:\/\/www.fjallabak.is\/wp-content\/uploads\/2024\/12\/image3-300x262.jpeg 300w, https:\/\/www.fjallabak.is\/wp-content\/uploads\/2024\/12\/image3-1024x894.jpeg 1024w, https:\/\/www.fjallabak.is\/wp-content\/uploads\/2024\/12\/image3-768x670.jpeg 768w, https:\/\/www.fjallabak.is\/wp-content\/uploads\/2024\/12\/image3.jpeg 1280w\" sizes=\"auto, (max-width: 1170px) 100vw, 1170px\" title=\"\"><\/a>          <h2 class=\"post-entry-headline\"><a title=\"Orri Gunnarsson\" href=\"https:\/\/www.fjallabak.is\/fr\/orri-gunnarsson\/\">Orri Gunnarsson<\/a><\/h2>\n          <p class=\"post-meta\">\n            <span class=\"post-info-author\"><i class=\"icon_pencil-edit\" aria-hidden=\"true\"><\/i><a href=\"https:\/\/www.fjallabak.is\/fr\/author\/matta\/\" title=\"Articles par Mathildur Patay\" rel=\"author\">Mathildur Patay<\/a><\/span>\n            <span class=\"post-info-date\"><i class=\"icon_clock_alt\" aria-hidden=\"true\"><\/i><a href=\"https:\/\/www.fjallabak.is\/fr\/orri-gunnarsson\/\">21 f\u00e9vrier 2016<\/a><\/span>\n          <\/p>\n<p>Orri Gunnarsson (47) que nous n&rsquo;allons pas vous d\u00e9crire en fran\u00e7ais, car il ne parle pas cette langue, trouve les fran\u00e7ais \u00e9tranges et ceux-ci le lui rendent bien. He joined our team in 2010. Right after teaching his Nordic spring&#8230;<br \/><a class=\"read-more-button\" href=\"https:\/\/www.fjallabak.is\/fr\/orri-gunnarsson\/\">Savoir plus<\/a><\/p>\n        <\/div>\n        <\/article>\n            \n        <article class=\"post-entry post-entry-grid\">\n        <div class=\"post-entry-grid-inner\">\n          <a title=\"Aur\u00e9lien Bihr\" href=\"https:\/\/www.fjallabak.is\/fr\/aurelien-bihr\/\"><img loading=\"lazy\" decoding=\"async\" width=\"1170\" height=\"1560\" src=\"https:\/\/www.fjallabak.is\/wp-content\/uploads\/2024\/12\/IMG_3739-1170x1560.jpg\" class=\"attachment-post-thumbnail size-post-thumbnail wp-post-image\" alt=\"\" srcset=\"https:\/\/www.fjallabak.is\/wp-content\/uploads\/2024\/12\/IMG_3739-1170x1560.jpg 1170w, https:\/\/www.fjallabak.is\/wp-content\/uploads\/2024\/12\/IMG_3739-225x300.jpg 225w, https:\/\/www.fjallabak.is\/wp-content\/uploads\/2024\/12\/IMG_3739-768x1024.jpg 768w, https:\/\/www.fjallabak.is\/wp-content\/uploads\/2024\/12\/IMG_3739-1152x1536.jpg 1152w, https:\/\/www.fjallabak.is\/wp-content\/uploads\/2024\/12\/IMG_3739-1536x2048.jpg 1536w, https:\/\/www.fjallabak.is\/wp-content\/uploads\/2024\/12\/IMG_3739-scaled.jpg 1920w\" sizes=\"auto, (max-width: 1170px) 100vw, 1170px\" title=\"\"><\/a>          <h2 class=\"post-entry-headline\"><a title=\"Aur\u00e9lien Bihr\" href=\"https:\/\/www.fjallabak.is\/fr\/aurelien-bihr\/\">Aur\u00e9lien Bihr<\/a><\/h2>\n          <p class=\"post-meta\">\n            <span class=\"post-info-author\"><i class=\"icon_pencil-edit\" aria-hidden=\"true\"><\/i><a href=\"https:\/\/www.fjallabak.is\/fr\/author\/matta\/\" title=\"Articles par Mathildur Patay\" rel=\"author\">Mathildur Patay<\/a><\/span>\n            <span class=\"post-info-date\"><i class=\"icon_clock_alt\" aria-hidden=\"true\"><\/i><a href=\"https:\/\/www.fjallabak.is\/fr\/aurelien-bihr\/\">21 f\u00e9vrier 2016<\/a><\/span>\n          <\/p>\n<p>Aur\u00e9lien Bihr, \u00ab\u00a0Aurel \u00bb (ou Orwellien, comme l\u2019appelle nos clients am\u00e9ricains), 44 ans, p\u00e8re d\u2019Adrien, 18 ans, qui en est sa r\u00e9plique, a v\u00e9cu plusieurs ann\u00e9es en Islande apr\u00e8s avoir v\u00e9cu en Scandinavie. Autodidacte, polyglotte talentueux, ce franc gar\u00e7on est&#8230;<br \/><a class=\"read-more-button\" href=\"https:\/\/www.fjallabak.is\/fr\/aurelien-bihr\/\">Savoir plus<\/a><\/p>\n        <\/div>\n        <\/article>\n            \n        <article class=\"post-entry post-entry-grid\">\n        <div class=\"post-entry-grid-inner\">\n          <a title=\"\u00de\u00f3r Tulinius\" href=\"https:\/\/www.fjallabak.is\/fr\/thor-tulinius\/\"><img loading=\"lazy\" decoding=\"async\" width=\"200\" height=\"200\" src=\"https:\/\/www.fjallabak.is\/wp-content\/uploads\/2015\/09\/thor.jpg\" class=\"attachment-post-thumbnail size-post-thumbnail wp-post-image\" alt=\"\" srcset=\"https:\/\/www.fjallabak.is\/wp-content\/uploads\/2015\/09\/thor.jpg 200w, https:\/\/www.fjallabak.is\/wp-content\/uploads\/2015\/09\/thor-150x150.jpg 150w, https:\/\/www.fjallabak.is\/wp-content\/uploads\/2015\/09\/thor-60x60.jpg 60w\" sizes=\"auto, (max-width: 200px) 100vw, 200px\" title=\"\"><\/a>          <h2 class=\"post-entry-headline\"><a title=\"\u00de\u00f3r Tulinius\" href=\"https:\/\/www.fjallabak.is\/fr\/thor-tulinius\/\">\u00de\u00f3r Tulinius<\/a><\/h2>\n          <p class=\"post-meta\">\n            <span class=\"post-info-author\"><i class=\"icon_pencil-edit\" aria-hidden=\"true\"><\/i><a href=\"https:\/\/www.fjallabak.is\/fr\/author\/matta\/\" title=\"Articles par Mathildur Patay\" rel=\"author\">Mathildur Patay<\/a><\/span>\n            <span class=\"post-info-date\"><i class=\"icon_clock_alt\" aria-hidden=\"true\"><\/i><a href=\"https:\/\/www.fjallabak.is\/fr\/thor-tulinius\/\">4 f\u00e9vrier 2016<\/a><\/span>\n          <\/p>\n<p>\u00de\u00f3r Tulinius, Thor\u00a0(60) oui c\u2019est \u00e7a, comme le dieu nordique qui a toujours raison et jamais tort. Thor est un acteur de th\u00e9\u00e2tre et de cin\u00e9ma r\u00e9put\u00e9 en Islande. \u00a0Mais avec ses\u00a0330.000 habitants le pays ne peut lui offrir plus&#8230;<br \/><a class=\"read-more-button\" href=\"https:\/\/www.fjallabak.is\/fr\/thor-tulinius\/\">Savoir plus<\/a><\/p>\n        <\/div>\n        <\/article>\n      <\/div>\n  <\/section>\n<\/div><\/div><\/div><\/div>","protected":false},"excerpt":{"rendered":"<p>PARTEZ EN TERRE INCONNUE AVEC UNE EQUIPE QUI EST EN TERRAIN CONNU Nos guides sont la clef de vo\u00fbte de tous nos voyages. Si nous sommes les armateurs, ce sont eux les capitaines. Nous sommes conscients de leur r\u00f4le d&rsquo;autant&#8230;<br \/><a class=\"read-more-button\" href=\"https:\/\/www.fjallabak.is\/fr\/thor-tulinius\/\">Savoir plus<\/a><\/p>\n","protected":false},"author":1,"featured_media":0,"parent":0,"menu_order":0,"comment_status":"closed","ping_status":"closed","template":"template-full-width.php","meta":{"footnotes":""},"class_list":["post-360","page","type-page","status-publish","hentry","odd"],"_links":{"self":[{"href":"https:\/\/www.fjallabak.is\/fr\/wp-json\/wp\/v2\/pages\/360","targetHints":{"allow":["GET"]}}],"collection":[{"href":"https:\/\/www.fjallabak.is\/fr\/wp-json\/wp\/v2\/pages"}],"about":[{"href":"https:\/\/www.fjallabak.is\/fr\/wp-json\/wp\/v2\/types\/page"}],"author":[{"embeddable":true,"href":"https:\/\/www.fjallabak.is\/fr\/wp-json\/wp\/v2\/users\/1"}],"replies":[{"embeddable":true,"href":"https:\/\/www.fjallabak.is\/fr\/wp-json\/wp\/v2\/comments?post=360"}],"version-history":[{"count":3,"href":"https:\/\/www.fjallabak.is\/fr\/wp-json\/wp\/v2\/pages\/360\/revisions"}],"predecessor-version":[{"id":9736,"href":"https:\/\/www.fjallabak.is\/fr\/wp-json\/wp\/v2\/pages\/360\/revisions\/9736"}],"wp:attachment":[{"href":"https:\/\/www.fjallabak.is\/fr\/wp-json\/wp\/v2\/media?parent=360"}],"curies":[{"name":"wp","href":"https:\/\/api.w.org\/{rel}","templated":true}]}}