{"id":7999,"date":"2016-11-06T18:22:02","date_gmt":"2016-11-06T18:22:02","guid":{"rendered":"https:\/\/www.fjallabak.is\/fr\/?page_id=7999"},"modified":"2025-10-08T17:32:23","modified_gmt":"2025-10-08T17:32:23","slug":"extensions-privees","status":"publish","type":"page","link":"https:\/\/www.fjallabak.is\/fr\/voyages-prives\/extensions-privees\/","title":{"rendered":"Extensions individuelles priv\u00e9es"},"content":{"rendered":"<p>Avant ou apr\u00e8s un voyage ou un trek avec nous dans le sud de l&rsquo;Islande, vous pourrez d\u00e9couvrir individuellement le magnifique archipel des \u00eeles Westman. Nous vous donnerons toutes les informations n\u00e9cessaires ainsi que les bons avant votre arriv\u00e9e en Islande.<\/p>\n<p><strong>Extension individuelle \u00e0 l&rsquo;archipel des \u00eeles Vestmannaeyjar <span style=\"text-decoration: underline;\">avant<\/span> ou <span style=\"text-decoration: underline;\">apr\u00e8s<\/span> un trekking.<\/strong><\/p>\n<ul>\n<li>une extension de 3 jours \/ 2 nuit\u00e9es dans les \u00eeles<\/li>\n<li>une extension de 4 jours \/ 3 nuit\u00e9es<\/li>\n<li>soit soit comme pre-tour avant votre trek<\/li>\n<li>soit comme post-tour apr\u00e8s votre trek<\/li>\n<li>Le dernier jour de l&rsquo;extension en <strong>pre-tour<\/strong> se termine le matin du 1er jour du trek<\/li>\n<li>Le premier jour de l&rsquo;extension en <strong>post-tour<\/strong>\u00a0commence dans l&rsquo;apr\u00e8s-midi du dernier jour du trek<\/li>\n<\/ul>\n<p>&nbsp;<\/p>\n<p>R\u00e9alisable de juin \u00e0 ao\u00fbt, <span style=\"text-decoration: underline;\"><strong>sauf<\/strong><\/span> pendant les p\u00e9riodes suivantes, car il est alors impossible de trouver un seul lit disponible:<\/p>\n<ul>\n<li>Le festival des enfants (rendez-vous national des sports pour les moins de 12 ans) en juin (dates exactes \u00e0 venir)<\/li>\n<li>Festival du football des enfants en juin (dates exactes \u00e0 venir)<\/li>\n<li><strong>\u00dej\u00f3\u00f0h\u00e1t\u00ed\u00f0 \u00ab\u00a0Le festival national d&rsquo;\u00e9t\u00e9\u00a0\u00bb <\/strong>se d\u00e9roulera du <strong>30 juillet au 3 ao\u00fbt<\/strong>. Des festivals ont lieu dans tout le pays, mais \u00dej\u00f3\u00f0h\u00e1t\u00ed\u00f0 est de loin le plus grand de tous avec entre 11 000 et 16 000 personnes, surtout des jeunes vikings d\u00e9chain\u00e9s (pr\u00e8s de 4 fois la population de l&rsquo;\u00eele) y participant chaque ann\u00e9e.<\/li>\n<\/ul>\n","protected":false},"excerpt":{"rendered":"<p>Avant ou apr\u00e8s un voyage ou un trek avec nous dans le sud de l&rsquo;Islande, vous pourrez d\u00e9couvrir individuellement le magnifique archipel des \u00eeles Westman. Nous vous donnerons toutes les informations n\u00e9cessaires ainsi que les bons avant votre arriv\u00e9e en&#8230;<br \/><a class=\"read-more-button\" href=\"https:\/\/www.fjallabak.is\/fr\/voyages-prives\/extensions-privees\/\">Savoir plus<\/a><\/p>\n","protected":false},"author":1,"featured_media":0,"parent":4512,"menu_order":0,"comment_status":"closed","ping_status":"closed","template":"","meta":{"footnotes":""},"class_list":["post-7999","page","type-page","status-publish","hentry","odd"],"_links":{"self":[{"href":"https:\/\/www.fjallabak.is\/fr\/wp-json\/wp\/v2\/pages\/7999","targetHints":{"allow":["GET"]}}],"collection":[{"href":"https:\/\/www.fjallabak.is\/fr\/wp-json\/wp\/v2\/pages"}],"about":[{"href":"https:\/\/www.fjallabak.is\/fr\/wp-json\/wp\/v2\/types\/page"}],"author":[{"embeddable":true,"href":"https:\/\/www.fjallabak.is\/fr\/wp-json\/wp\/v2\/users\/1"}],"replies":[{"embeddable":true,"href":"https:\/\/www.fjallabak.is\/fr\/wp-json\/wp\/v2\/comments?post=7999"}],"version-history":[{"count":6,"href":"https:\/\/www.fjallabak.is\/fr\/wp-json\/wp\/v2\/pages\/7999\/revisions"}],"predecessor-version":[{"id":53419,"href":"https:\/\/www.fjallabak.is\/fr\/wp-json\/wp\/v2\/pages\/7999\/revisions\/53419"}],"up":[{"embeddable":true,"href":"https:\/\/www.fjallabak.is\/fr\/wp-json\/wp\/v2\/pages\/4512"}],"wp:attachment":[{"href":"https:\/\/www.fjallabak.is\/fr\/wp-json\/wp\/v2\/media?parent=7999"}],"curies":[{"name":"wp","href":"https:\/\/api.w.org\/{rel}","templated":true}]}}